{"id":36791,"date":"2025-06-15T09:04:28","date_gmt":"2025-06-15T09:04:28","guid":{"rendered":"https:\/\/vidamaior.pt\/?page_id=36791"},"modified":"2025-06-26T18:13:53","modified_gmt":"2025-06-26T18:13:53","slug":"roda-feira-sao-pedro-25","status":"publish","type":"page","link":"https:\/\/vidamaior.pt\/en\/roda-feira-sao-pedro-25\/","title":{"rendered":"Roda de Pr\u00e9mios"},"content":{"rendered":"<div data-elementor-type=\"wp-page\" data-elementor-id=\"36791\" class=\"elementor elementor-36791\">\n\t\t\t\t\t\t<section class=\"elementor-section elementor-top-section elementor-element elementor-element-b78edfd elementor-section-content-bottom elementor-hidden-mobile elementor-section-boxed elementor-section-height-default elementor-section-height-default\" data-id=\"b78edfd\" data-element_type=\"section\" data-settings=\"{&quot;background_background&quot;:&quot;classic&quot;}\">\n\t\t\t\t\t\t\t<div class=\"elementor-background-overlay\"><\/div>\n\t\t\t\t\t\t\t<div class=\"elementor-container elementor-column-gap-custom\">\n\t\t\t\t\t<div class=\"elementor-column elementor-col-100 elementor-top-column elementor-element elementor-element-8b47154\" data-id=\"8b47154\" data-element_type=\"column\">\n\t\t\t<div class=\"elementor-widget-wrap elementor-element-populated\">\n\t\t\t\t\t\t<div class=\"elementor-element elementor-element-53b9313 elementor-widget elementor-widget-html\" data-id=\"53b9313\" data-element_type=\"widget\" data-widget_type=\"html.default\">\n\t\t\t\t<div class=\"elementor-widget-container\">\n\t\t\t\t\t<!DOCTYPE html>\r\n<html lang=\"pt\">\r\n<head>\r\n  <meta charset=\"UTF-8\">\r\n  <title>Feira de S\u00e3o Pedro - Roda de Pr\u00e9mios<\/title>\r\n  <meta name=\"viewport\" content=\"width=device-width, initial-scale=1\">\r\n  <style>\r\n    body {\r\n      margin: 0;\r\n      font-family: 'Segoe UI', sans-serif;\r\n      background: #ffffff;\r\n      color: #2e6d74;\r\n      text-align: center;\r\n    }\r\n    #container {\r\n      padding: 40px 20px;\r\n    }\r\n    .subtitulo {\r\n      font-size: 20px;\r\n      font-weight: 600;\r\n      color: #2e6d74;\r\n      margin-bottom: 10px;\r\n      text-transform: uppercase;\r\n    }\r\n    h1 {\r\n      margin-bottom: 30px;\r\n      font-size: 36px;\r\n    }\r\n    #wheel-container {\r\n      position: relative;\r\n      width: 100%;\r\n      max-width: 400px;\r\n      margin: 0 auto;\r\n    }\r\n    #pointer {\r\n      width: 0;\r\n      height: 0;\r\n      border-top: 15px solid transparent;\r\n      border-bottom: 15px solid transparent;\r\n      border-right: 25px solid #2e6d74;\r\n      position: absolute;\r\n      top: 50%;\r\n      left: 100%;\r\n      transform: translateY(-50%);\r\n      z-index: 2;\r\n    }\r\n    canvas {\r\n      display: block;\r\n      width: 100%;\r\n      height: auto;\r\n      aspect-ratio: 1 \/ 1\r\n    }\r\n    #spin {\r\n      margin-top: 30px;\r\n      padding: 12px 24px;\r\n      font-size: 16px;\r\n      background-color: #2e6d74;\r\n      color: white;\r\n      border: none;\r\n      border-radius: 5px;\r\n      cursor: pointer;\r\n    }\r\n  <\/style>\r\n<\/head>\r\n<body>\r\n  <div id=\"container\">\r\n    <div class=\"subtitulo\">Feira de S\u00e3o Pedro<\/div>\r\n    <h1>Roda de Pr\u00e9mios - Vida Maior<\/h1>\r\n\r\n    <div id=\"wheel-container\">\r\n      <div id=\"pointer\"><\/div>\r\n      <canvas id=\"wheel\" style=\"width: 300px; height: 300px;\"><\/canvas>\r\n    <\/div>\r\n\r\n    <button id=\"spin\">Girar<\/button>\r\n  <\/div>\r\n\r\n  <script>\r\nconst segmentos = [\r\n  { label: \"Porta-chaves\", color: \"#FF4500\" },\r\n  { label: \"Tote Bag\", color: \"#00C853\" },\r\n  { label: \"Caneta\", color: \"#FF69B4\" },\r\n  { label: \"Esferogr\u00e1fica\", color: \"#00BFFF\" },\r\n  { label: \"Porta-chaves\", color: \"#FF4500\" },\r\n  { label: \"L\u00e1pis\", color: \"#9932CC\" },\r\n  { label: \"Esferogr\u00e1fica\", color: \"#00BFFF\" },\r\n  { label: \"Rebu\u00e7ado\", color: \"#FFD700\" },\r\n  { label: \"Tote Bag\", color: \"#00C853\" },\r\n  { label: \"Caneta\", color: \"#FF69B4\" },\r\n  { label: \"Esferogr\u00e1fica\", color: \"#00BFFF\" },\r\n  { label: \"Porta-chaves\", color: \"#FF4500\" },\r\n  { label: \"L\u00e1pis\", color: \"#9932CC\" },\r\n  { label: \"Caneta\", color: \"#FF69B4\" },\r\n  { label: \"Esferogr\u00e1fica\", color: \"#00BFFF\" },\r\n  { label: \"L\u00e1pis\", color: \"#9932CC\" }\r\n];\r\n\r\n    const canvas = document.getElementById(\"wheel\");\r\n    const ctx = canvas.getContext(\"2d\");\r\n\r\n    const logicalSize = 400;\r\n    const scale = window.devicePixelRatio || 1;\r\n    canvas.width = logicalSize * scale;\r\n    canvas.height = logicalSize * scale;\r\n    canvas.style.width = logicalSize + \"px\";\r\n    canvas.style.height = logicalSize + \"px\";\r\n    ctx.scale(scale, scale);\r\n\r\n    const center = logicalSize \/ 2;\r\n    const radius = center - 10;\r\n\r\n    const spinBtn = document.getElementById(\"spin\");\r\n    const angleStep = (2 * Math.PI) \/ segmentos.length;\r\n    let angle = 0;\r\n    let spinning = false;\r\n\r\n    function drawWheel() {\r\n      for (let i = 0; i < segmentos.length; i++) {\r\n        const startAngle = i * angleStep;\r\n        const endAngle = startAngle + angleStep;\r\n\r\n        ctx.beginPath();\r\n        ctx.moveTo(center, center);\r\n        ctx.arc(center, center, radius, startAngle, endAngle);\r\n        ctx.fillStyle = segmentos[i].color;\r\n        ctx.fill();\r\n        ctx.save();\r\n        ctx.translate(center, center);\r\n        ctx.rotate(startAngle + angleStep \/ 2);\r\n        ctx.textAlign = \"center\";\r\n        ctx.fillStyle = \"#000\";\r\n        ctx.font = \"bold 14px sans-serif\";\r\n        ctx.fillText(segmentos[i].label, radius - 60, 5);\r\n        ctx.restore();\r\n      }\r\n    }\r\n\r\n    function spinWheel() {\r\n      if (spinning) return;\r\n      spinning = true;\r\n\r\n      const rotations = Math.floor(Math.random() * 3) + 5;\r\n      const finalIndex = Math.floor(Math.random() * segmentos.length);\r\n      const finalAngle = finalIndex * angleStep + angleStep \/ 2;\r\n      const targetAngle = (2 * Math.PI * rotations) + (2 * Math.PI - finalAngle);\r\n\r\n      const duration = 2500;\r\n      const start = performance.now();\r\n\r\n      function animate(now) {\r\n        const elapsed = now - start;\r\n        const progress = Math.min(elapsed \/ duration, 1);\r\n        const eased = easeOutCubic(progress);\r\n        angle = targetAngle * eased;\r\n\r\n        ctx.clearRect(0, 0, canvas.width \/ scale, canvas.height \/ scale);\r\n        ctx.save();\r\n        ctx.translate(center, center);\r\n        ctx.rotate(angle);\r\n        ctx.translate(-center, -center);\r\n        drawWheel();\r\n        ctx.restore();\r\n\r\n        if (progress < 1) {\r\n          requestAnimationFrame(animate);\r\n        } else {\r\n          spinning = false;\r\n        }\r\n      }\r\n\r\n      requestAnimationFrame(animate);\r\n    }\r\n\r\n    function easeOutCubic(t) {\r\n      return 1 - Math.pow(1 - t, 3);\r\n    }\r\n\r\n    drawWheel();\r\n    spinBtn.addEventListener(\"click\", spinWheel);\r\n  <\/script>\r\n<\/body>\r\n<\/html>\r\n\r\n\t\t\t\t<\/div>\n\t\t\t\t<\/div>\n\t\t\t\t\t<\/div>\n\t\t<\/div>\n\t\t\t\t\t<\/div>\n\t\t<\/section>\n\t\t<div class=\"elementor-element elementor-element-eb19c0e e-flex e-con-boxed e-con e-parent\" data-id=\"eb19c0e\" data-element_type=\"container\">\n\t\t\t\t\t<div class=\"e-con-inner\">\n\t\t<div class=\"elementor-element elementor-element-ace23c9 e-con-full e-flex e-con e-child\" data-id=\"ace23c9\" data-element_type=\"container\">\n\t\t\t\t<div class=\"elementor-element elementor-element-7e4ab11 elementor-widget elementor-widget-heading\" data-id=\"7e4ab11\" data-element_type=\"widget\" data-widget_type=\"heading.default\">\n\t\t\t\t<div class=\"elementor-widget-container\">\n\t\t\t\t\t<h2 class=\"elementor-heading-title elementor-size-default\">Formul\u00e1rio de Inscri\u00e7\u00e3o<\/h2>\t\t\t\t<\/div>\n\t\t\t\t<\/div>\n\t\t\t\t<div class=\"elementor-element elementor-element-e761081 elementor-widget elementor-widget-image\" data-id=\"e761081\" data-element_type=\"widget\" data-widget_type=\"image.default\">\n\t\t\t\t<div class=\"elementor-widget-container\">\n\t\t\t\t\t\t\t\t\t\t\t\t\t\t\t<img fetchpriority=\"high\" decoding=\"async\" width=\"300\" height=\"300\" src=\"https:\/\/vidamaior.pt\/wp-content\/uploads\/2025\/06\/QR-Code-300x300.png\" class=\"attachment-medium size-medium wp-image-36928\" alt=\"\" srcset=\"https:\/\/vidamaior.pt\/wp-content\/uploads\/2025\/06\/QR-Code-300x300.png 300w, https:\/\/vidamaior.pt\/wp-content\/uploads\/2025\/06\/QR-Code-1024x1024.png 1024w, https:\/\/vidamaior.pt\/wp-content\/uploads\/2025\/06\/QR-Code-150x150.png 150w, https:\/\/vidamaior.pt\/wp-content\/uploads\/2025\/06\/QR-Code-768x768.png 768w, https:\/\/vidamaior.pt\/wp-content\/uploads\/2025\/06\/QR-Code-12x12.png 12w, https:\/\/vidamaior.pt\/wp-content\/uploads\/2025\/06\/QR-Code.png 1080w\" sizes=\"(max-width: 300px) 100vw, 300px\" \/>\t\t\t\t\t\t\t\t\t\t\t\t\t\t\t<\/div>\n\t\t\t\t<\/div>\n\t\t\t\t<\/div>\n\t\t\t\t\t<\/div>\n\t\t\t\t<\/div>\n\t\t\t\t<\/div>","protected":false},"excerpt":{"rendered":"<p>Feira de S\u00e3o Pedro &#8211; Roda de Pr\u00e9mios Feira de S\u00e3o Pedro Roda de Pr\u00e9mios &#8211; Vida Maior Girar Formul\u00e1rio de Inscri\u00e7\u00e3o<\/p>","protected":false},"author":1,"featured_media":0,"parent":0,"menu_order":0,"comment_status":"closed","ping_status":"closed","template":"page-templates\/template-full-width-page-without-header-title.php","meta":{"om_disable_all_campaigns":false,"_monsterinsights_skip_tracking":false,"_monsterinsights_sitenote_active":false,"_monsterinsights_sitenote_note":"","_monsterinsights_sitenote_category":0,"_uf_show_specific_survey":0,"_uf_disable_surveys":false,"footnotes":""},"yoast_head":"<!-- This site is optimized with the Yoast SEO plugin v24.5 - https:\/\/yoast.com\/wordpress\/plugins\/seo\/ -->\n<title>Roda de Pr\u00e9mios - Vida Maior<\/title>\n<meta name=\"description\" content=\"A Vida Maior vai inaugurar uma nova ERPI, especializada no apoio a pessoas que vivem com dem\u00eancia, no Ameal, em Torres Vedras, no dia 12 de janeiro, \u00e0s 14h30.\" \/>\n<meta name=\"robots\" content=\"index, follow, max-snippet:-1, max-image-preview:large, max-video-preview:-1\" \/>\n<link rel=\"canonical\" href=\"https:\/\/vidamaior.pt\/en\/roda-feira-sao-pedro-25\/\" \/>\n<meta property=\"og:locale\" content=\"en_GB\" \/>\n<meta property=\"og:type\" content=\"article\" \/>\n<meta property=\"og:title\" content=\"Roda de Pr\u00e9mios - Vida Maior\" \/>\n<meta property=\"og:description\" content=\"A Vida Maior vai inaugurar uma nova ERPI, especializada no apoio a pessoas que vivem com dem\u00eancia, no Ameal, em Torres Vedras, no dia 12 de janeiro, \u00e0s 14h30.\" \/>\n<meta property=\"og:url\" content=\"https:\/\/vidamaior.pt\/en\/roda-feira-sao-pedro-25\/\" \/>\n<meta property=\"og:site_name\" content=\"Vida Maior\" \/>\n<meta property=\"article:publisher\" content=\"https:\/\/www.facebook.com\/vidamaior.pt\/\" \/>\n<meta property=\"article:modified_time\" content=\"2025-06-26T18:13:53+00:00\" \/>\n<meta property=\"og:image\" content=\"https:\/\/vidamaior.pt\/wp-content\/uploads\/2025\/06\/QR-Code.png\" \/>\n\t<meta property=\"og:image:width\" content=\"1080\" \/>\n\t<meta property=\"og:image:height\" content=\"1080\" \/>\n\t<meta property=\"og:image:type\" content=\"image\/png\" \/>\n<meta name=\"twitter:card\" content=\"summary_large_image\" \/>\n<meta name=\"twitter:label1\" content=\"Estimated reading time\" \/>\n\t<meta name=\"twitter:data1\" content=\"1 minute\" \/>\n<script type=\"application\/ld+json\" class=\"yoast-schema-graph\">{\"@context\":\"https:\/\/schema.org\",\"@graph\":[{\"@type\":\"WebPage\",\"@id\":\"https:\/\/vidamaior.pt\/roda-feira-sao-pedro-25\/\",\"url\":\"https:\/\/vidamaior.pt\/roda-feira-sao-pedro-25\/\",\"name\":\"Roda de Pr\u00e9mios - Vida Maior\",\"isPartOf\":{\"@id\":\"https:\/\/vidamaior.pt\/#website\"},\"primaryImageOfPage\":{\"@id\":\"https:\/\/vidamaior.pt\/roda-feira-sao-pedro-25\/#primaryimage\"},\"image\":{\"@id\":\"https:\/\/vidamaior.pt\/roda-feira-sao-pedro-25\/#primaryimage\"},\"thumbnailUrl\":\"https:\/\/vidamaior.pt\/wp-content\/uploads\/2025\/06\/QR-Code-300x300.png\",\"datePublished\":\"2025-06-15T09:04:28+00:00\",\"dateModified\":\"2025-06-26T18:13:53+00:00\",\"description\":\"A Vida Maior vai inaugurar uma nova ERPI, especializada no apoio a pessoas que vivem com dem\u00eancia, no Ameal, em Torres Vedras, no dia 12 de janeiro, \u00e0s 14h30.\",\"breadcrumb\":{\"@id\":\"https:\/\/vidamaior.pt\/roda-feira-sao-pedro-25\/#breadcrumb\"},\"inLanguage\":\"en-GB\",\"potentialAction\":[{\"@type\":\"ReadAction\",\"target\":[\"https:\/\/vidamaior.pt\/roda-feira-sao-pedro-25\/\"]}]},{\"@type\":\"ImageObject\",\"inLanguage\":\"en-GB\",\"@id\":\"https:\/\/vidamaior.pt\/roda-feira-sao-pedro-25\/#primaryimage\",\"url\":\"https:\/\/vidamaior.pt\/wp-content\/uploads\/2025\/06\/QR-Code-300x300.png\",\"contentUrl\":\"https:\/\/vidamaior.pt\/wp-content\/uploads\/2025\/06\/QR-Code-300x300.png\"},{\"@type\":\"BreadcrumbList\",\"@id\":\"https:\/\/vidamaior.pt\/roda-feira-sao-pedro-25\/#breadcrumb\",\"itemListElement\":[{\"@type\":\"ListItem\",\"position\":1,\"name\":\"In\u00edcio\",\"item\":\"https:\/\/vidamaior.pt\/\"},{\"@type\":\"ListItem\",\"position\":2,\"name\":\"Roda de Pr\u00e9mios\"}]},{\"@type\":\"WebSite\",\"@id\":\"https:\/\/vidamaior.pt\/#website\",\"url\":\"https:\/\/vidamaior.pt\/\",\"name\":\"Vida Maior\",\"description\":\"Onde o tempo \u00e9 felicidade\",\"publisher\":{\"@id\":\"https:\/\/vidamaior.pt\/#organization\"},\"potentialAction\":[{\"@type\":\"SearchAction\",\"target\":{\"@type\":\"EntryPoint\",\"urlTemplate\":\"https:\/\/vidamaior.pt\/?s={search_term_string}\"},\"query-input\":{\"@type\":\"PropertyValueSpecification\",\"valueRequired\":true,\"valueName\":\"search_term_string\"}}],\"inLanguage\":\"en-GB\"},{\"@type\":\"Organization\",\"@id\":\"https:\/\/vidamaior.pt\/#organization\",\"name\":\"Vida Maior\",\"url\":\"https:\/\/vidamaior.pt\/\",\"logo\":{\"@type\":\"ImageObject\",\"inLanguage\":\"en-GB\",\"@id\":\"https:\/\/vidamaior.pt\/#\/schema\/logo\/image\/\",\"url\":\"https:\/\/vidamaior.pt\/wp-content\/uploads\/2024\/02\/Logotipo-2.png\",\"contentUrl\":\"https:\/\/vidamaior.pt\/wp-content\/uploads\/2024\/02\/Logotipo-2.png\",\"width\":670,\"height\":372,\"caption\":\"Vida Maior\"},\"image\":{\"@id\":\"https:\/\/vidamaior.pt\/#\/schema\/logo\/image\/\"},\"sameAs\":[\"https:\/\/www.facebook.com\/vidamaior.pt\/\",\"https:\/\/www.instagram.com\/vidamaior.pt\/\",\"https:\/\/www.linkedin.com\/company\/vida-maior\/\"]}]}<\/script>\n<!-- \/ Yoast SEO plugin. -->","yoast_head_json":{"title":"Roda de Pr\u00e9mios - Vida Maior","description":"A Vida Maior vai inaugurar uma nova ERPI, especializada no apoio a pessoas que vivem com dem\u00eancia, no Ameal, em Torres Vedras, no dia 12 de janeiro, \u00e0s 14h30.","robots":{"index":"index","follow":"follow","max-snippet":"max-snippet:-1","max-image-preview":"max-image-preview:large","max-video-preview":"max-video-preview:-1"},"canonical":"https:\/\/vidamaior.pt\/en\/roda-feira-sao-pedro-25\/","og_locale":"en_GB","og_type":"article","og_title":"Roda de Pr\u00e9mios - Vida Maior","og_description":"A Vida Maior vai inaugurar uma nova ERPI, especializada no apoio a pessoas que vivem com dem\u00eancia, no Ameal, em Torres Vedras, no dia 12 de janeiro, \u00e0s 14h30.","og_url":"https:\/\/vidamaior.pt\/en\/roda-feira-sao-pedro-25\/","og_site_name":"Vida Maior","article_publisher":"https:\/\/www.facebook.com\/vidamaior.pt\/","article_modified_time":"2025-06-26T18:13:53+00:00","og_image":[{"width":1080,"height":1080,"url":"https:\/\/vidamaior.pt\/wp-content\/uploads\/2025\/06\/QR-Code.png","type":"image\/png"}],"twitter_card":"summary_large_image","twitter_misc":{"Estimated reading time":"1 minute"},"schema":{"@context":"https:\/\/schema.org","@graph":[{"@type":"WebPage","@id":"https:\/\/vidamaior.pt\/roda-feira-sao-pedro-25\/","url":"https:\/\/vidamaior.pt\/roda-feira-sao-pedro-25\/","name":"Roda de Pr\u00e9mios - Vida Maior","isPartOf":{"@id":"https:\/\/vidamaior.pt\/#website"},"primaryImageOfPage":{"@id":"https:\/\/vidamaior.pt\/roda-feira-sao-pedro-25\/#primaryimage"},"image":{"@id":"https:\/\/vidamaior.pt\/roda-feira-sao-pedro-25\/#primaryimage"},"thumbnailUrl":"https:\/\/vidamaior.pt\/wp-content\/uploads\/2025\/06\/QR-Code-300x300.png","datePublished":"2025-06-15T09:04:28+00:00","dateModified":"2025-06-26T18:13:53+00:00","description":"A Vida Maior vai inaugurar uma nova ERPI, especializada no apoio a pessoas que vivem com dem\u00eancia, no Ameal, em Torres Vedras, no dia 12 de janeiro, \u00e0s 14h30.","breadcrumb":{"@id":"https:\/\/vidamaior.pt\/roda-feira-sao-pedro-25\/#breadcrumb"},"inLanguage":"en-GB","potentialAction":[{"@type":"ReadAction","target":["https:\/\/vidamaior.pt\/roda-feira-sao-pedro-25\/"]}]},{"@type":"ImageObject","inLanguage":"en-GB","@id":"https:\/\/vidamaior.pt\/roda-feira-sao-pedro-25\/#primaryimage","url":"https:\/\/vidamaior.pt\/wp-content\/uploads\/2025\/06\/QR-Code-300x300.png","contentUrl":"https:\/\/vidamaior.pt\/wp-content\/uploads\/2025\/06\/QR-Code-300x300.png"},{"@type":"BreadcrumbList","@id":"https:\/\/vidamaior.pt\/roda-feira-sao-pedro-25\/#breadcrumb","itemListElement":[{"@type":"ListItem","position":1,"name":"In\u00edcio","item":"https:\/\/vidamaior.pt\/"},{"@type":"ListItem","position":2,"name":"Roda de Pr\u00e9mios"}]},{"@type":"WebSite","@id":"https:\/\/vidamaior.pt\/#website","url":"https:\/\/vidamaior.pt\/","name":"Vida Maior","description":"Onde o tempo \u00e9 felicidade","publisher":{"@id":"https:\/\/vidamaior.pt\/#organization"},"potentialAction":[{"@type":"SearchAction","target":{"@type":"EntryPoint","urlTemplate":"https:\/\/vidamaior.pt\/?s={search_term_string}"},"query-input":{"@type":"PropertyValueSpecification","valueRequired":true,"valueName":"search_term_string"}}],"inLanguage":"en-GB"},{"@type":"Organization","@id":"https:\/\/vidamaior.pt\/#organization","name":"Vida Maior","url":"https:\/\/vidamaior.pt\/","logo":{"@type":"ImageObject","inLanguage":"en-GB","@id":"https:\/\/vidamaior.pt\/#\/schema\/logo\/image\/","url":"https:\/\/vidamaior.pt\/wp-content\/uploads\/2024\/02\/Logotipo-2.png","contentUrl":"https:\/\/vidamaior.pt\/wp-content\/uploads\/2024\/02\/Logotipo-2.png","width":670,"height":372,"caption":"Vida Maior"},"image":{"@id":"https:\/\/vidamaior.pt\/#\/schema\/logo\/image\/"},"sameAs":["https:\/\/www.facebook.com\/vidamaior.pt\/","https:\/\/www.instagram.com\/vidamaior.pt\/","https:\/\/www.linkedin.com\/company\/vida-maior\/"]}]}},"_links":{"self":[{"href":"https:\/\/vidamaior.pt\/en\/wp-json\/wp\/v2\/pages\/36791"}],"collection":[{"href":"https:\/\/vidamaior.pt\/en\/wp-json\/wp\/v2\/pages"}],"about":[{"href":"https:\/\/vidamaior.pt\/en\/wp-json\/wp\/v2\/types\/page"}],"author":[{"embeddable":true,"href":"https:\/\/vidamaior.pt\/en\/wp-json\/wp\/v2\/users\/1"}],"replies":[{"embeddable":true,"href":"https:\/\/vidamaior.pt\/en\/wp-json\/wp\/v2\/comments?post=36791"}],"version-history":[{"count":193,"href":"https:\/\/vidamaior.pt\/en\/wp-json\/wp\/v2\/pages\/36791\/revisions"}],"predecessor-version":[{"id":37001,"href":"https:\/\/vidamaior.pt\/en\/wp-json\/wp\/v2\/pages\/36791\/revisions\/37001"}],"wp:attachment":[{"href":"https:\/\/vidamaior.pt\/en\/wp-json\/wp\/v2\/media?parent=36791"}],"curies":[{"name":"wp","href":"https:\/\/api.w.org\/{rel}","templated":true}]}}